{"version":"1.0","provider_name":"Handmade","provider_url":"https:\/\/handmade.cafeblog.hu","author_name":"T\u00fcnde","author_url":"https:\/\/handmade.cafeblog.hu\/author\/marjanne-tundegmail-com\/","title":"\u00daj \u00e9v, \u00faj diz\u00e1jn...","html":"<p>Az \u00faj \u00e9vet egy kis \u00e1talakul\u00e1ssal kezdem, m\u00e1r ami a blogot illeti... visszafogottabb, \u00e9s n\u00e9mik\u00e9pp letisztultabb k\u00fcls\u0151t kapott. :)<\/p>\r\n<p>&nbsp;<\/p>\r\n<p>K\u00e9sz\u00fcl\u00f6k egy \u00faj vide\u00f3sorozattal, amiben a Pentart term\u00e9keket fogom bemutatni (nem csak az \u00fajakat), azok haszn\u00e1lat\u00e1t, \u00f6tleteket a felhaszn\u00e1l\u00e1sukra.<\/p>\r\n<p>Az els\u0151 vide\u00f3 m\u00e1r elk\u00e9sz\u00fclt, a napokban fel is ker\u00fcl ide a blogra. A vide\u00f3sorozat az Alapoz\u00f3 nevet kapta a kereszts\u00e9gben.<\/p>\r\n<p>&nbsp;<\/p>\r\n<p>\u00cdg\u00e9rtem, hogy a kar\u00e1csonyra k\u00e9sz\u00edtett aj\u00e1nd\u00e9kokr\u00f3l hozok fot\u00f3kat... t\u00f6redelmesen megvallom, hogy az aj\u00e1nd\u00e9kok az utols\u00f3 el\u0151tti pillanatban k\u00e9sz\u00fcltek el... ami m\u00e9g nem is lett volna gond, de mivel a nagy kapkod\u00e1sban \u00f3ri\u00e1si k\u00e1osz alakult ki a m\u0171hely asztalomon \u00e9s k\u00f6rny\u00e9k\u00e9n, \u00e9s h\u00e1t a kupi tetej\u00e9n m\u00e9gsem fot\u00f3zhatok, \u00edgy felcuccoltam mindent az \u00a0irod\u00e1ba, ahol el\u00e9g helyem volt a csomagol\u00e1shoz is, \u00e9s m\u00e9g fot\u00f3zni is tudtam volna. De... miut\u00e1n mindez december 24.-\u00e9n t\u00f6rt\u00e9nt, \u00e9s term\u00e9szetesen m\u00e1r rohamtemp\u00f3ban voltam er\u0151sen, ahogy kezembe vettem a csomagol\u00f3pap\u00edrt, r\u00f6gt\u00f6n elkezdtem, mint a g\u00e9p csomagolni... majd miut\u00e1n minden becsomagol\u00e1sra ker\u00fclt, \u00e9s m\u00e1r k\u00fcl\u00f6n szatyrokba szort\u00edrozva \u00e1lltak mellettem a csomagok j\u00f6ttem r\u00e1, hogy l\u00e9nyeg\u00e9ben csak egy dolog maradt el, a fot\u00f3z\u00e1s... Miut\u00e1n nem szerettem volna \u00fajracsomagolni mindent, \u00edgy an\u00e9lk\u00fcl ker\u00fcltek ki kezeim k\u00f6z\u00fcl az alkot\u00e1sok, hogy ak\u00e1r csak egy r\u00f6pke fot\u00f3t is k\u00e9sz\u00edthettem volna r\u00f3luk. Azt hiszem m\u00e9g soha ilyen nem t\u00f6rt\u00e9nt velem... de egyszer mindent el kell kezdeni... Ez a kar\u00e1csony m\u00e1r csak \u00edgy zajlott... sok kapkod\u00e1s, rohan\u00e1s... azt\u00e1n m\u00e1r csak pihent\u00fcnk, \u00e9s laz\u00edtottunk. :)<\/p>\r\n<p>&nbsp;<\/p>\r\n<p>Az\u00e9rt alkottam is m\u00e1r id\u00e9n... <a href=\"http:\/\/re-kreativ.blogspot.hu\/search\/label\/RECYCLING\" target=\"_blank\">S\u00f3lyom Gabi \u00e9s a Recycling vide\u00f3i<\/a>, on-line foglalkoz\u00e1sai inspir\u00e1ltak alkot\u00e1sra \u00e9s \u00fajrahasznos\u00edt\u00e1sra.<\/p>\r\n<p>A <a href=\"http:\/\/nassolda.receptneked.hu\/2015\/01\/06\/53-hetes-persely-sporolj-gasztroangyal-modra\/\" target=\"_blank\">Nassol\u00f3 Naplop\u00f3n\u00e1l<\/a>\u00a0akadtam r\u00e1 az 53 hetes perselyre, aminek az a l\u00e9nyege, hogy 53 h\u00e9ten kereszt\u00fcl gy\u0171jt\u00f6d a p\u00e9nzt, \u00e9s \u00edgy \u00e9v v\u00e9g\u00e9re \u00f6sszegy\u0171lik egy kis plusz p\u00e9nz, ami akkor nagyon j\u00f3l fog j\u00f6nni.<\/p>\r\n<p>Nagyon megfogott az \u00f6tlet \u00e9s \u00e9n is elkezdtem a gy\u0171jt\u00f6get\u00e9st, de tudom milyen vagyok, ha k\u00f6nnyen hozz\u00e1f\u00e9rhet\u0151, akkor el\u0151bb-ut\u00f3bb a post\u00e1ra v\u00e1ndorol az apr\u00f3 a csekkek k\u00eds\u00e9ret\u00e9ben, \u00edgy a v\u00e9delme \u00e9rdek\u00e9ben egy roncsol\u00e1s n\u00e9lk\u00fcl kibonthatatlan perselyt kellett \u00f6sszedobnom.\u00a0<\/p>\r\n<p>Kar\u00e1csonyi marad\u00e9k csomagol\u00e1sok m\u00e9g kidob\u00e1sra v\u00e1rtak egy szatyorban, \u00edgy gyorsan felt\u00fartam, \u00e9s tal\u00e1ltam is, egy dobozt ami pont ide\u00e1lisnak t\u0171nt a c\u00e9lra.<\/p>\r\n<p>Kem\u00e9ny kartonnal kicsit meger\u0151s\u00edtettem bel\u00fclr\u0151l, k\u00edv\u00fclr\u0151l scrapbook pap\u00edrral bevontam, kapott az \u00e9leire szalagot \u00e9lv\u00e9d\u0151nek, a tetej\u00e9n m\u00e1r gy\u00e1rilag volt egy r\u00e9s, amit kicsit nagyobbra kellett v\u00e1gnom, kis csipke d\u00edsz\u00edt\u00e9st is kapott k\u00f6rbe a ny\u00edl\u00e1s, \u00e9s ker\u00fclt r\u00e1 m\u00e9g egy f\u00e9mkeret is. Ezzel m\u00e1r k\u00e9szen is \u00e1llt a persely a gy\u0171jt\u00f6get\u00e9sre. Term\u00e9szetesen tot\u00e1lisan leragasztottam minden porcik\u00e1j\u00e1t, hogy t\u00e9nyleg hozz\u00e1f\u00e9rhetetlen legyen. :) Szorgalmas gy\u0171jt\u00f6get\u00e9sbe is kezdt\u00fcnk, most ott tartunk, hogy folyamatosan megy bele az apr\u00f3, plusz az \u00e9ppen aktu\u00e1lis heti \u00f6sszeg, rem\u00e9lem \u00e9v v\u00e9g\u00e9ig megtelik \u00e9s akkor lesz egy kis plusz p\u00e9nz\u00fcnk az \u00fcnnepekre.\u00a0<\/p>\r\n<p>Nos meg kell valljam, hogy r\u00e9s van a pajzson... A pizzafut\u00e1rnak nem maradt apr\u00f3 a jattra, \u00edgy f\u00e9rjem lelem\u00e9nyesen \"felt\u00f6rte\" a biztons\u00e1gi rendszert... egyszer\u0171en kir\u00e1zogatta a r\u00e9sen az apr\u00f3t. :) Sz\u00f3val a k\u00f6vetkez\u0151 perselyt m\u00e1r\u00a0atom biztosra kell k\u00e9sz\u00edtsem. :)<\/p>\r\n<p>\u00a0<a href=\"https:\/\/handmade.cafeblog.hu\/files\/2015\/01\/Persely2.jpg\"><img class=\"aligncenter size-large wp-image-505\" src=\"https:\/\/handmade.cafeblog.hu\/files\/2015\/01\/Persely2-600x600.jpg\" alt=\"Persely\" width=\"600\" height=\"600\" \/><\/a><a href=\"https:\/\/handmade.cafeblog.hu\/files\/2015\/01\/Persely1.jpg\"><br \/><\/a><\/p>\r\n<p>&nbsp;<\/p>\r\n<p>\u00a0\u00c9s ha m\u00e1r \u00fajrahasznos\u00edt\u00e1s, akkor folytattam a sort, egy kis mandarinos\u00a0fal\u00e1dika is fel\u00faj\u00edt\u00e1sra ker\u00fclt...<\/p>\r\n<p>&nbsp;<\/p>\r\n<p>A mandarin\u00a0elfogyott, a l\u00e1dika megmaradt, nos nem sok\u00e1ig szemeztem vele, r\u00f6gt\u00f6n leker\u00fclt a m\u0171hely asztalomra \u00e9s neki is estem.<\/p>\r\n<p>El\u0151sz\u00f6r di\u00f3 laz\u00farral \u00e1tkentem az eg\u00e9sz l\u00e1dik\u00e1t, majd bel\u00fclr\u0151l lenk\u00e9k , k\u00edv\u00fclr\u0151l feh\u00e9r dekor paint softtal \u00e1tkentem v\u00e9konyan, hagytam, hogy itt-ott \u00e1t\u00fcss\u00f6n a di\u00f3 laz\u00far.<\/p>\r\n<p>Sz\u00e1rad\u00e1s ut\u00e1n matt akril f\u00f6ldbarn\u00e1val sz\u00e1razecset technik\u00e1val kicsit m\u00e9g \u00e1tsimogattam, hogy igaz\u00e1n viseltes kin\u00e9zet\u0171 legyen.<\/p>\r\n<p>A k\u00e9t r\u00f6videbbik v\u00e9g\u00e9re egy v\u00e9kony karton volt ragasztva, amit nem siker\u00fclt leszednem, ez\u00e9rt, hogy elt\u00fcntessem a nyom\u00e1t is, 3D stencileztem r\u00e1, 3D por, alapoz\u00f3 \u00e9s f\u00f6ldbarna kever\u00e9kkel.<\/p>\r\n<p>Sz\u00e1rad\u00e1s ut\u00e1n csiszol\u00f3val \u00e1tcsiszoltam, hogy sz\u00e9p egyenletes legyen a 3D mint\u00e1m, majd hanyagul \u00e1tfestettem feh\u00e9r dekor paint softtal \u00e9s v\u00e9g\u00fcl szint\u00e9n kapott egy sz\u00e1razecsetes f\u00f6ldbarn\u00e1s kenc\u00e9z\u00e9st.<\/p>\r\n<p>\u00c9s v\u00e9gre van helye a csipketechnik\u00e1hoz haszn\u00e1lt f\u00fcgg\u00f6ny darabjaimnak \u00e9s a csipk\u00e9imnek. :)<\/p>\r\n<p>&nbsp;<\/p>\r\n<p>&nbsp;<\/p>\r\n<p>\u00a0<a href=\"https:\/\/handmade.cafeblog.hu\/files\/2015\/01\/l\u00e1da1.jpg\"><img class=\"aligncenter size-large wp-image-502\" src=\"https:\/\/handmade.cafeblog.hu\/files\/2015\/01\/l\u00e1da1-600x468.jpg\" alt=\"l\u00e1da\" width=\"600\" height=\"468\" \/><\/a><\/p>\r\n<p>&nbsp;<\/p>\r\n<p>&nbsp;<\/p>\r\n<p>&nbsp;<\/p>","type":"rich","thumbnail_url":"https:\/\/handmade.cafeblog.hu\/files\/2015\/01\/Persely2-150x150.jpg","thumbnail_width":150,"thumbnail_height":150}