{"version":"1.0","provider_name":"Handmade","provider_url":"https:\/\/handmade.cafeblog.hu","author_name":"T\u00fcnde","author_url":"https:\/\/handmade.cafeblog.hu\/author\/marjanne-tundegmail-com\/","title":"Eleg\u00e1ns \u00e9kszerdoboz","html":"A Rayherben vettem ezt az \u00e9kszerdobozt, bel\u00fcl t\u00fck\u00f6rrel \u00e9s k\u00e9t kivehet\u0151 t\u00e1lc\u00e1csk\u00e1val. Ez n\u00e1lam nagy kedvenc, nagyon sz\u00e9p kidolgoz\u00e1s\u00fa fadoboz, ami t\u00e9nyleg fa \u00e9s nem valami f\u00e1nak mondott vacak, ezt a s\u00falya is mutatja, b\u00e1r ezen a t\u00fck\u00f6r is dob. Nem mondom, hogy olcs\u00f3 mulats\u00e1g, mert bizony 3.000.- Ft k\u00f6r\u00fcli \u00e1ron lehet hozz\u00e1jutni, de mivel t\u00e9nyleg sz\u00e9p kidolgoz\u00e1s\u00fa dobozr\u00f3l van sz\u00f3, amit l\u00e9nyeg\u00e9ben alig vagy egy\u00e1ltal\u00e1n nem kell csiszolni, \u00edgy meg\u00e9ri az \u00e1r\u00e1t.\r\n\r\nSajnos nem k\u00e9sz\u00fclt r\u00f3la fot\u00f3 sorozat, hogy azon bemutathassam hogyan k\u00e9sz\u00fclt, mert csak neki estem \u00e9s m\u00e1r f\u00e9lk\u00e9sz \u00e1llapotban volt, mikor leesett, hogy az\u00e9rt j\u00f3 lett volna a l\u00e9p\u00e9seket fot\u00f3zni... Nem vagyok hozz\u00e1szokva ehhez, \u00edgy most ez elmaradt. Viszont le\u00edr\u00e1st k\u00e9sz\u00edtek hozz\u00e1, nem lesz bonyolult. :)\r\n\r\n&nbsp;\r\n\r\n[caption id=\"attachment_436\" align=\"aligncenter\" width=\"600\"]<a href=\"https:\/\/handmade.cafeblog.hu\/files\/2014\/10\/IMG_3762.jpg\"><img class=\"wp-image-436 size-large\" src=\"https:\/\/handmade.cafeblog.hu\/files\/2014\/10\/IMG_3762-600x450.jpg\" alt=\"IMG_3762\" width=\"600\" height=\"450\" \/><\/a> Eleg\u00e1ns \u00e9kszerdoboz[\/caption]\r\n\r\n&nbsp;\r\n\r\n&nbsp;\r\n\r\nHozz\u00e1val\u00f3k:\r\n\r\nAlapoz\u00f3 fest\u00e9k\r\n\r\nMatt akril fest\u00e9k: keki, country z\u00f6ld, vintage s\u00e1rga, elef\u00e1ncsont \u00e9s country k\u00e9k\r\n\r\nVintage effect medium\r\n\r\nDecoupage ragaszt\u00f3lakk\r\n\r\nFoly\u00e9kony f\u00e9m arany sz\u00ednben\r\n\r\nKartonragaszt\u00f3\r\n\r\nFilc lapok sz\u00fcrke sz\u00ednben\r\n\r\nDecoupage pap\u00edr S\u00f3lyom Gabi f\u00e9le :)\r\n\r\nV\u00e9kony sz\u00f6vetszalag\r\n\r\nMozaik \u00e9s kavicsragaszt\u00f3\r\n\r\nTerm\u00e9szetesen minden a Pentart\u00f3l... :)\r\n\r\n&nbsp;\r\n\r\nEszk\u00f6z\u00f6k:\r\n\r\nEcsetek\r\n\r\nSzivacsecset\r\n\r\nCsziszol\u00f3 pap\u00edr 120-as finoms\u00e1g\u00fa\r\n\r\nStencil\r\n\r\nCsavarh\u00faz\u00f3\r\n\r\n&nbsp;\r\n\r\nElk\u00e9sz\u00edt\u00e9se:\r\n\r\nA dobozr\u00f3l lecsavaroztam a kapcsot, \u00e9s a zsan\u00e9rokat.\r\n\r\nAlapoz\u00f3 fest\u00e9kkel \u00e1tfestettem k\u00edv\u00fclr\u0151l, majd bel\u00fcl az oldalfal\u00e1t, \u00e9s a k\u00e9t kis t\u00e1lc\u00e1cska alj\u00e1t \u00e9s az oldalait. Sz\u00e1rad\u00e1s ut\u00e1n picit \u00e1tcsiszoltam.\r\n\r\nEl\u0151sz\u00f6r a doboz tetej\u00e9t kezdtem el mivel az adja meg az eg\u00e9sznek a hangulat\u00e1t \u00e9s a sz\u00ednvil\u00e1g\u00e1t, hogy milyen pap\u00edrt v\u00e1lasztok hozz\u00e1.\r\n\r\nFelt\u00fartam az \u00f6sszes szalv\u00e9t\u00e1t, rizspap\u00edrt \u00e9s dekup\u00e1zs pap\u00edrt, mire r\u00e1akadtam arra az egy mint\u00e1ra, amit l\u00e1tni szerettem volna a dobozon. Ez a apap\u00edr mint\u00e1j\u00e1ban, sz\u00edn\u00e9ben \u00e9s hangulat\u00e1ban is illeszkedett a t\u00e1rgyhoz \u00e9s persze nem utols\u00f3 szempontk\u00e9nt a m\u00e9rete is ide\u00e1lis volt.\r\n\r\nA pap\u00edr sz\u00edn\u00e9hez pont passzolt az \u00faj vintage s\u00e1rga matt akril fest\u00e9k, \u00edgy nem volt k\u00e9rd\u00e9ses, hogy a doboz teteje ilyen sz\u00ednt kap.\r\n\r\nMivel a pap\u00edron a h\u00e1tt\u00e9r halov\u00e1ny k\u00e9kes feh\u00e9res ind\u00e1s minta, kerestem egy ehhez passzol\u00f3 stencilt, majd elef\u00e1ncsont sz\u00edn\u0171 matt akril fest\u00e9kkel felvittem a stencil mint\u00e1t a dobozra, nagyj\u00e1b\u00f3l \u00fagy, hogy a pap\u00edron szerepl\u0151 mint\u00e1t k\u00f6vesse.\r\n\r\nMajd a m\u00e1r megsz\u00e1radt stencilezett mint\u00e1ra vissza tettem a stencilt, kicsit eltolva, hogy ha r\u00e1festek l\u00e1tsz\u00f3djon egy v\u00e9kony vil\u00e1gos szeg\u00e9ly \u00e9s \u00fajra stencileztem, de most m\u00e1r country k\u00e9k matt akril fest\u00e9kkel. Arra figyeltem, hogy az eltol\u00e1st mindig egy ir\u00e1nyba v\u00e9gezzem.\r\n\r\nEzut\u00e1n dekup\u00e1zs ragaszt\u00f3val felragasztottam a pap\u00edrt a doboz k\u00f6zep\u00e9re... na ahogy siker\u00fclt szemm\u00e9rt\u00e9kre. :)\r\n\r\nKis id\u0151re f\u00e9lre tettem a doboz tetej\u00e9t, hagytam sz\u00e1radozni, \u00e9s kezel\u00e9sbe vettem a doboz alj\u00e1t. Mivel a hangulat \u00e9s a sz\u00ednvil\u00e1g m\u00e1r adott volt, \u00edgy k\u00f6nny\u0171 volt a v\u00e1laszt\u00e1s, hogy milyen sz\u00ednben pomp\u00e1zzon a doboz alj. El\u0151sz\u00f6r felkentem a keki sz\u00edn\u0171 matt akrilt k\u00edv\u00fcl k\u00f6rbe, majd sz\u00e1rad\u00e1s ut\u00e1n j\u00f6hetett a vintage effect medium, amit nagyon v\u00e9kony r\u00e9tegben eloszlattam a fel\u00fcleten. Sz\u00e1rad\u00e1sa ut\u00e1n j\u00f6hetett a fed\u0151 fest\u00e9k r\u00e9teg, erre pedig a country z\u00f6ld matt akrilt haszn\u00e1ltam.\r\n\r\nSz\u00e1rad\u00e1s ut\u00e1n j\u00f6tt a csiszol\u00e1s, ami nagyon k\u00f6nny\u0171 a vintage effect mediumnak k\u00f6sz\u00f6nhet\u0151en, klasszul lehet ir\u00e1ny\u00edtottan csiszolni, ahol akarom ott er\u0151sebben, ahol akarom ott finomabban csiszolom \u00e9s sz\u00e9ps\u00e9ges koptatott hat\u00e1st lehet vele el\u00e9rni. Megvallom \u00e9n nagyon szeretem haszn\u00e1lni, v\u00e9gre nem kell gyerty\u00e1zni \u00e9s rem\u00e9nykedni, hogy siker\u00fcl finoman vissza koptatni a fest\u00e9ket \u00e9s nem fog nagyobb darabokban lej\u00f6nni a fed\u0151 fest\u00e9k...\r\n\r\nL\u00e9nyeg\u00e9ben m\u00e1r \u00f6ssze is \u00e1llt a doboz, \u00e9s m\u00e1r csak a csinos\u00edt\u00e1s volt h\u00e1tra. A doboz alj\u00e1t ahol alapoztam, ott \u00e1tfestettem country z\u00f6ldre, ahol nem alapoztam, vagyis a doboz bels\u0151 alja \u00e9s a t\u00e1lc\u00e1csk\u00e1k alja kapott filc bor\u00edt\u00e1st, valamint a doboz fedele bel\u00fcl az oldal\u00e1n a t\u00fck\u00f6r k\u00f6r\u00fcl. Sajnos a t\u00fck\u00f6r nem \u00e9pp m\u00e9ret benne, kicsit kisebb \u00e9s ha nem k\u00f6z\u00e9pre van ragasztva, akkor egyik oldal\u00e1n marad egy nagy r\u00e9s, amit sz\u00e9pen el tudtam takarni a filccel. Persze bel\u00fclr\u0151l nem fot\u00f3ztam le, \u00edgy azt nem tudom megmutatni. :(\r\n\r\nA doboz alj\u00e1t matt v\u00edzb\u00e1zis\u00fa lakkal, a doboz tetej\u00e9t pedig f\u00e9nyes v\u00edzb\u00e1zis\u00fa lakkal\u00a0lakkoztam k\u00e9t r\u00e9tegben.\r\n\r\nA lakk sz\u00e1rad\u00e1sa ut\u00e1n a doboz tetej\u00e9n a let\u00f6rt peremet k\u00f6rbe festettem arany sz\u00edn\u0171 foly\u00e9kony f\u00e9mmel. Ezzel lefestettem a zsan\u00e9rokat \u00e9s a kapcsot is, mert nem igaz\u00e1n ment az antik bronzos sz\u00edn ehhez a sz\u00ednvil\u00e1ghoz, illetve a k\u00e9p k\u00f6r\u00e9 sz\u00e1ntam m\u00e9g egy nagyon v\u00e9kony kis sz\u00f6vetcs\u00edkot, \u00e9s persze azt is bekentem felragaszt\u00e1s el\u0151tt a foly\u00e9kony f\u00e9mmel. Na ez a m\u00e1sik nagy kedvencem, haszn\u00e1lhat\u00f3 f\u00e9mre, f\u00e1ra, pap\u00edrra \u00e9s m\u00e9g ki tudja mi mindenre, \u00e9s annyira sok f\u00e9mpigmentet tartalmaz, hogy felkenve t\u00e9nyleg f\u00e9mnek n\u00e9z ki legyen az ak\u00e1r sz\u00f6vet, ak\u00e1r fa...\r\n\r\nMiut\u00e1n megsz\u00e1radt a sz\u00f6vetcs\u00edkom, felragasztottam kavics \u00e9s mozaik ragaszt\u00f3val.\r\n\r\nMajd megk\u00e9rtem a f\u00e9rjem, hogy szerelje \u00f6ssze a dobozt, mert sz\u00e9tszedni sim\u00e1n megy, de \u00f6ssze szerelni, be\u00e1ll\u00edtgatni, hogy minden sz\u00e9pen prec\u00edzen m\u0171k\u00f6dj\u00f6n, csuk\u00f3djon, z\u00e1r\u00f3djon... na az nem az \u00e9n asztalom... :)\r\n\r\n&nbsp;","type":"rich","thumbnail_url":"https:\/\/handmade.cafeblog.hu\/files\/2014\/10\/IMG_3762-150x150.jpg","thumbnail_width":150,"thumbnail_height":150}