{"version":"1.0","provider_name":"Handmade","provider_url":"https:\/\/handmade.cafeblog.hu","author_name":"T\u00fcnde","author_url":"https:\/\/handmade.cafeblog.hu\/author\/marjanne-tundegmail-com\/","title":"M\u00e1r nem reped tov\u00e1bb...","html":"&nbsp;\r\n\r\nSajnos olykor abba a hib\u00e1ba esem, hogy nem tudok v\u00e1rni... Elkezdek valamit \u00e9s nem tudok addig \u00fajba fogni, am\u00edg k\u00e9sznek nem \u00e9rzem az el\u0151z\u0151t. Enn\u00e9l az \u00fcveg t\u00e1ny\u00e9rn\u00e1l is \u00edgy j\u00e1rtam.\r\n\r\nA mint\u00e1t a sarkokban \u00e9s k\u00f6z\u00e9pen a f\u00fcstf\u00f3lia adja, amit szilikon b\u00e9lyegz\u0151 seg\u00edts\u00e9g\u00e9vel var\u00e1zsoltam fel. A szilikon vagy akril b\u00e9lyegz\u0151t szivacsecset seg\u00edts\u00e9g\u00e9vel v\u00e9konyan \u00e1ttunkolom f\u00fcstf\u00f3lia ragaszt\u00f3val, majd a fel\u00fcletre nyomom. Ekkor a ragaszt\u00f3 \u00e1tker\u00fcl a fel\u00fcletre a pecs\u00e9tel\u0151 mint\u00e1j\u00e1val. Amikor megsz\u00e1radt, azaz \u00e1tl\u00e1tsz\u00f3v\u00e1 v\u00e1lik, j\u00f6het a f\u00fcstf\u00f3lia pehely jelen esetben, amit egy sert\u00e9ssz\u0151r ecset seg\u00edts\u00e9g\u00e9vel eloszlatok a fel\u00fcleten, majd a felesleget les\u00f6pr\u00f6m, \u00e9s k\u00e9sz is van a minta. Ezut\u00e1n finomvonalas repeszt\u00e9st tettem fel, ami k\u00e9t f\u00e1zis\u00fa, \u00e9s a k\u00e9t f\u00e1zis k\u00f6zt meg kell v\u00e1rni a sz\u00e1rad\u00e1si id\u0151ket. A kialakult reped\u00e9sekbe arany antikol\u00f3 paszt\u00e1t kentem. Majd \u00e1tfestettem f\u00f6ldbarn\u00e1val, ami term\u00e9szetesen megrepedezett, \u00edgy sz\u00e9p nagy reped\u00e9sek is keletkeztek, amibe szint\u00e9n arany antikol\u00f3t kentem. V\u00e9g\u00fcl lakkoztam old\u00f3szeres lakkal. Mindez term\u00e9szetesen h\u00e1tulr\u00f3l d\u00edsz\u00edtve, vagyis a t\u00e1l h\u00e1tulj\u00e1n. A v\u00e9geredm\u00e9ny jobb lett, mint eredetileg lett volna, ha megv\u00e1rom a sz\u00e1rad\u00e1si id\u0151ket \u00e9s a fest\u00e9k nem repedt volna meg. Olykor a hib\u00e1t is lehet el\u0151ny\u00e9re ford\u00edtani.\r\n\r\n<a href=\"https:\/\/handmade.cafeblog.hu\/files\/2014\/03\/deku07.jpg\"><img class=\"aligncenter size-large wp-image-181\" alt=\"deku07\" src=\"https:\/\/handmade.cafeblog.hu\/files\/2014\/03\/deku07-600x337.jpg\" width=\"600\" height=\"337\" \/><\/a>","type":"rich","thumbnail_url":"https:\/\/handmade.cafeblog.hu\/files\/2014\/03\/deku07-150x150.jpg","thumbnail_width":150,"thumbnail_height":150}